{"id":3,"date":"2021-08-26T20:37:29","date_gmt":"2021-08-26T18:37:29","guid":{"rendered":"https:\/\/ummehralsmich.de\/?page_id=3"},"modified":"2021-09-21T19:11:35","modified_gmt":"2021-09-21T17:11:35","slug":"datenschutzerklaerung","status":"publish","type":"page","link":"https:\/\/ummehralsmich.de\/home\/datenschutzerklaerung\/","title":{"rendered":"Datenschutz"},"content":{"rendered":"\n<h3 class=\"wp-block-heading\">Allgemeine Hinweise<\/h3>\n\n\n\n<p>Die folgenden Hinweise geben einen einfachen \u00dcberblick dar\u00fcber, was mit Ihren personenbezogenen Daten passiert, wenn Sie unsere Website besuchen. Personenbezogene Daten sind alle Daten, mit denen Sie pers\u00f6nlich identifiziert werden k\u00f6nnen.<\/p>\n\n\n\n<p>Wenn Sie auf unsere Webseite zugreifen, werden automatisch Informationen allgemeiner Natur erfasst. Diese Informationen (Server-Logfiles) beinhalten etwa die Art des Webbrowsers, das verwendete Betriebssystem, den Domainnamen Ihres Internet Service Providers und \u00c4hnliches. Hierbei handelt es sich ausschlie\u00dflich um Informationen, welche keine R\u00fcckschl\u00fcsse auf Ihre Person zulassen. Diese Informationen sind technisch notwendig, um von Ihnen angeforderte Inhalte von Webseiten korrekt auszuliefern und fallen bei Nutzung des Internets zwingend an. Anonyme Informationen dieser Art werden von uns statistisch ausgewertet, um unseren Internetauftritt und die dahinterstehende Technik zu optimieren.<br>&nbsp;<\/p>\n\n\n\n<h2 class=\"wp-block-heading\">Datenschutzerkl\u00e4rung<\/h2>\n\n\n\n<h3 class=\"wp-block-heading\">Allgemeine Hinweise und Pflichtinformationen<\/h3>\n\n\n\n<h4 class=\"wp-block-heading\">Datenschutz<\/h4>\n\n\n\n<p>Die Betreiber dieser Seiten nehmen den Schutz Ihrer pers\u00f6nlichen Daten sehr ernst. Wir behandeln Ihre personenbezogenen Daten vertraulich; Grundlagen sind die gesetzlichen Datenschutzvorschriften, diese Datenschutzerkl\u00e4rung und die <a href=\"http:\/\/p346921.mittwaldserver.info\/pdf\/04_Satzungen_und_Richtlinien_Datenschutz_Leitlinie_2020.pdf\" target=\"_blank\" rel=\"noreferrer noopener\">Datenschutzleitlinie des Kirchenkreises Essen<\/a>.<br>Wenn Sie diese Website benutzen, werden verschiedene personenbezogene Daten erhoben. Personenbezogene Daten sind Daten, mit denen Sie pers\u00f6nlich identifiziert werden k\u00f6nnen. Die vorliegende Datenschutzerkl\u00e4rung erl\u00e4utert, welche Daten wir erheben und wof\u00fcr wir sie nutzen. Sie erl\u00e4utert auch, wie und zu welchem Zweck das geschieht.<br>Wir weisen darauf hin, dass die Daten\u00fcbertragung im Internet (z.B. bei der Kommunikation per E-Mail) Sicherheitsl\u00fccken aufweisen kann. Ein l\u00fcckenloser Schutz der Daten vor dem Zugriff durch Dritte ist nicht m\u00f6glich.<\/p>\n\n\n\n<h4 class=\"wp-block-heading\">Hinweis zur verantwortlichen Stelle<\/h4>\n\n\n\n<p>Die verantwortliche Stelle f\u00fcr die Datenverarbeitung auf dieser Website ist:<br>Kirchenkreis Essen<br>Der Kreissynodalvorstand | vertreten durch:<br>Superintendentin Marion Greve<br>Haus der Evangelischen Kirche<br>III. Hagen 39 | 45127 Essen<br>Telefon 0201 2205-0 | Fax 0201 2205-223<br>e-Mail <a href=\"mailto:info@evkirche-essen.de\">info@evkirche-essen.de<\/a><\/p>\n\n\n\n<h4 class=\"wp-block-heading\">Fragen an die Datenschutzbeauftragte<\/h4>\n\n\n\n<p>Wenn Sie Fragen zum Datenschutz haben, schreiben Sie uns bitte eine E-Mail oder wenden Sie sich direkt an unsere Datenschutzbeauftragte.<\/p>\n\n\n\n<p>Die Aufgaben und T\u00e4tigkeiten der \u00f6rtlich Beauftragten f\u00fcr den Datenschutz gem\u00e4\u00df \u00a7 38 DSG-EKD werden wahrgenommen von:<br>Petra von B\u00f6hlen<br>Abteilung Recht &amp; Datenschutz<br>Fa. teldv \u2013 Peter Steiner von B\u00f6hlen<\/p>\n\n\n\n<p>Sie haben jederzeit auch die M\u00f6glichkeit, sich pers\u00f6nlich direkt an die \u00f6rtlich Beauftragte f\u00fcr Datenschutz zu wenden. In ihrer T\u00e4tigkeit ist die \u00f6rtlich Beauftragte f\u00fcr Datenschutz weisungsfrei und unterliegt gem\u00e4\u00df \u00a7203 StGB der Schweigepflicht. Bei einem Anliegen erreichen Sie die Datenschutzbeauftragte unter:<br>Telefon 0201 507070-71 (Durchwahl)<br>Telefon 0201 507070-0 (Zentrale)<br>Fax 0201 50707069<br>Mail <a href=\"mailto:recht@teldv.com\">recht@teldv.com<\/a><br>Firmensitz und Postanschrift<br>teldv \u2013 Peter Steiner von B\u00f6hlen<br>Bismarckstra\u00dfe 55 | 45128 Essen<\/p>\n\n\n\n<h4 class=\"wp-block-heading\">Widerruf Ihrer Einwilligung zur Datenverarbeitung<\/h4>\n\n\n\n<p>Viele Datenverarbeitungsvorg\u00e4nge sind nur mit Ihrer ausdr\u00fccklichen Einwilligung m\u00f6glich. Sie k\u00f6nnen eine bereits erteilte Einwilligung jederzeit widerrufen. Dazu reicht eine formlose Mitteilung per E-Mail an uns. Die Rechtm\u00e4\u00dfigkeit der bis zum Widerruf erfolgten Datenverarbeitung bleibt vom Widerruf unber\u00fchrt.<\/p>\n\n\n\n<h4 class=\"wp-block-heading\">Beschwerderecht bei der zust\u00e4ndigen Aufsichtsbeh\u00f6rde<\/h4>\n\n\n\n<p>Im Falle datenschutzrechtlicher Verst\u00f6\u00dfe steht dem Betroffenen ein Beschwerderecht bei der zust\u00e4ndigen Aufsichtsbeh\u00f6rde zu. Die Aufsicht \u00fcber die Einhaltung des Datenschutzes auf dieser Internetseite \u00fcbt der Beauftragte f\u00fcr den Datenschutz der Evangelischen Kirche in Deutschland (BfD-EKD) aus:<br>Beauftragter f\u00fcr den Datenschutz der Evangelischen Kirche in Deutschland<br>Au\u00dfenstelle Mitte-West f\u00fcr den Bereich u.a. der Evangelischen Kirche im Rheinland<br>Friedhof 4, 44135 Dortmund<br>Telefon 0231 533827-0, Fax 0231 533827-20<br>E-Mail <a href=\"mailto:mitte-west@datenschutz.ekd.de\">mitte-west@datenschutz.ekd.de<\/a><\/p>\n\n\n\n<h4 class=\"wp-block-heading\">Recht auf Daten\u00fcbertragbarkeit<\/h4>\n\n\n\n<p>Sie haben das Recht, Daten, die wir auf Grundlage Ihrer Einwilligung oder in Erf\u00fcllung eines Vertrags automatisiert verarbeiten, an sich oder an einen Dritten in einem g\u00e4ngigen, maschinenlesbaren Format aush\u00e4ndigen zu lassen. Sofern Sie die direkte \u00dcbertragung der Daten an einen anderen Verantwortlichen verlangen, erfolgt dies nur, soweit es technisch machbar ist.<\/p>\n\n\n\n<h4 class=\"wp-block-heading\">Ihre Rechte auf Auskunft, Berichtigung, Sperre, L\u00f6schung und Widerspruch<\/h4>\n\n\n\n<p>Sie haben das Recht, jederzeit Auskunft \u00fcber Ihre bei uns gespeicherten personenbezogenen Daten zu erhalten. Ebenso haben Sie das Recht auf Berichtigung, Sperrung oder, abgesehen von der vorgeschriebenen Datenspeicherung zur Gesch\u00e4ftsabwicklung, L\u00f6schung Ihrer personenbezogenen Daten. Bitte wenden Sie sich dazu an unseren Datenschutzbeauftragten. Die Kontaktdaten finden Sie ganz unten.<br>Damit eine Sperre von Daten jederzeit ber\u00fccksichtigt werden kann, m\u00fcssen diese Daten zu Kontrollzwecken in einer Sperrdatei vorgehalten werden. Sie k\u00f6nnen auch die L\u00f6schung der Daten verlangen, soweit keine gesetzliche Archivierungsverpflichtung besteht. Soweit eine solche Verpflichtung besteht, sperren wir Ihre Daten auf Wunsch.<br>Sie k\u00f6nnen \u00c4nderungen oder den Widerruf einer Einwilligung durch entsprechende Mitteilung an uns mit Wirkung f\u00fcr die Zukunft vornehmen.<\/p>\n\n\n\n<h3 class=\"wp-block-heading\">Datenerfassung auf unserer Website<\/h3>\n\n\n\n<h4 class=\"wp-block-heading\">Server-Log-Dateien<\/h4>\n\n\n\n<p>Der Provider der Seiten erhebt und speichert automatisch Informationen in so genannten Server-Log-Dateien, die Ihr Browser automatisch an uns \u00fcbermittelt. Dies sind:<\/p>\n\n\n\n<ul class=\"wp-block-list\"><li>Browsertyp und Browserversion<\/li><li>Verwendetes Betriebssystem<\/li><li>Quelle\/Verweis, von welchem Sie auf die Seite gelangten (Referrer URL)<br><\/li><li>Hostname des zugreifenden Rechners<br><\/li><li>Uhrzeit der Serveranfrage<br><\/li><li>IP-Adresse<\/li><\/ul>\n\n\n\n<p>Eine Zusammenf\u00fchrung dieser Daten mit anderen Datenquellen wird nicht vorgenommen.<br>Grundlage f\u00fcr die Datenverarbeitung ist Art. 6 Abs. 1 lit. b DSGVO, der die Verarbeitung von Daten zur Erf\u00fcllung eines Vertrags oder vorvertraglicher Ma\u00dfnahmen gestattet.<\/p>\n\n\n\n<h4 class=\"wp-block-heading\">Kontaktformular<\/h4>\n\n\n\n<p>Wenn Sie uns per Kontaktformular Anfragen zukommen lassen, werden Ihre Angaben aus dem Anfrageformular inklusive der von Ihnen dort angegebenen Kontaktdaten zwecks Bearbeitung der Anfrage und f\u00fcr den Fall von Anschlussfragen bei uns gespeichert. Diese Daten geben wir nicht ohne Ihre Einwilligung weiter.<br>Die Verarbeitung der in das Kontaktformular eingegebenen Daten erfolgt somit ausschlie\u00dflich auf Grundlage Ihrer Einwilligung (Art. 6 Abs. 1 lit. a DSGVO). Sie k\u00f6nnen diese Einwilligung jederzeit widerrufen. Dazu reicht eine formlose Mitteilung per E-Mail an uns. Die Rechtm\u00e4\u00dfigkeit der bis zum Widerruf erfolgten Datenverarbeitungsvorg\u00e4nge bleibt vom Widerruf unber\u00fchrt.<br>Die von Ihnen im Kontaktformular eingegebenen Daten verbleiben bei uns, bis Sie uns zur L\u00f6schung auffordern, Ihre Einwilligung zur Speicherung widerrufen oder der Zweck f\u00fcr die Datenspeicherung entf\u00e4llt (z.B. nach abgeschlossener Bearbeitung Ihrer Anfrage). Zwingende gesetzliche Bestimmungen \u2013 insbesondere Aufbewahrungsfristen \u2013 bleiben unber\u00fchrt.<\/p>\n\n\n\n<h4 class=\"wp-block-heading\" id=\"newsletterdaten\">Newsletterdaten<\/h4>\n\n\n\n<p>Wenn Sie den auf der Website angebotenen Newsletter beziehen m\u00f6chten, ben\u00f6tigen wir von Ihnen eine E-Mail-Adresse sowie Informationen, welche uns die \u00dcberpr\u00fcfung gestatten, dass Sie der Inhaber der angegebenen E-Mail-Adresse sind und mit dem Empfang des Newsletters einverstanden sind. Weitere Daten werden nicht erhoben. Diese Daten verwenden wir ausschlie\u00dflich f\u00fcr den Versand der angeforderten Informationen und geben sie nicht an Dritte weiter.<\/p>\n\n\n\n<p>Die erteilte Einwilligung zur Speicherung der Daten, der E-Mail-Adresse sowie deren Nutzung zum Versand des Newsletters k\u00f6nnen Sie jederzeit widerrufen, etwa \u00fcber den &#8222;Austragen&#8220;-Link im Newsletter.<\/p>\n\n\n\n<h4 class=\"wp-block-heading\">Verwendung von Scriptbibliotheken (Google Webfonts)<\/h4>\n\n\n\n<p>Um unsere Inhalte browser\u00fcbergreifend korrekt und grafisch ansprechend darzustellen, verwenden wir auf dieser Website Scriptbibliotheken und Schriftbibliotheken wie z. B. Google Webfonts (<a href=\"https:\/\/www.google.com\/webfonts\" target=\"_blank\" rel=\"noreferrer noopener\">https:\/\/www.google.com\/webfonts<\/a>). Google Webfonts werden zur Vermeidung mehrfachen Ladens in den Cache Ihres Browsers \u00fcbertragen. Falls der Browser die Google Webfonts nicht unterst\u00fctzt oder den Zugriff unterbindet, werden Inhalte in einer Standardschrift angezeigt.<br>Der Aufruf von Scriptbibliotheken oder Schriftbibliotheken l\u00f6st automatisch eine Verbindung zum Betreiber der Bibliothek aus. Dabei ist es theoretisch m\u00f6glich \u2013 aktuell allerdings auch unklar ob und ggf. zu welchen Zwecken \u2013 dass Betreiber entsprechender Bibliotheken Daten erheben.<br>Die Datenschutzrichtlinie des Bibliothekbetreibers Google finden Sie hier: <a href=\"https:\/\/www.google.com\/policies\/privacy\/\" target=\"_blank\" rel=\"noreferrer noopener\">https:\/\/www.google.com\/policies\/privacy<\/a>.<\/p>\n\n\n\n<h4 class=\"wp-block-heading\">Verwendung von Google Maps<\/h4>\n\n\n\n<p>Diese Webseite verwendet Google Maps API, um geographische Informationen visuell darzustellen. Bei der Nutzung von Google Maps werden von Google auch Daten \u00fcber die Nutzung der Kartenfunktionen durch Besucher erhoben, verarbeitet und genutzt. N\u00e4here Informationen \u00fcber die Datenverarbeitung durch Google k\u00f6nnen Sie den Google-Datenschutzhinweisen entnehmen. Dort k\u00f6nnen Sie im Datenschutzcenter auch Ihre pers\u00f6nlichen Datenschutz-Einstellungen ver\u00e4ndern.<br>Ausf\u00fchrliche Anleitungen zur Verwaltung der eigenen Daten im Zusammenhang mit Google-Produkten <a href=\"https:\/\/support.google.com\/accounts\/answer\/3024190\" target=\"_blank\" rel=\"noreferrer noopener\">finden Sie hier<\/a>.<\/p>\n\n\n\n<h4 class=\"wp-block-heading\">Eingebettete YouTube-Videos<\/h4>\n\n\n\n<p>Auf einigen unserer Webseiten betten wir Youtube-Videos ein. Betreiber der entsprechenden Plugins ist die YouTube, LLC, 901 Cherry Ave., San Bruno, CA 94066, USA. Wenn Sie eine Seite mit dem YouTube-Plugin besuchen, wird eine Verbindung zu Servern von Youtube hergestellt. Dabei wird Youtube mitgeteilt, welche Seiten Sie besuchen. Wenn Sie in Ihrem Youtube-Account eingeloggt sind, kann Youtube Ihr Surfverhalten Ihnen pers\u00f6nlich zuzuordnen. Dies verhindern Sie, indem Sie sich vorher aus Ihrem Youtube-Account ausloggen.<br>Wird ein Youtube-Video gestartet, setzt der Anbieter Cookies ein, die Hinweise \u00fcber das Nutzerverhalten sammeln.<br>Wer das Speichern von Cookies f\u00fcr das Google-Ad-Programm deaktiviert hat, wird auch beim Anschauen von Youtube-Videos mit keinen solchen Cookies rechnen m\u00fcssen. Youtube legt aber auch in anderen Cookies nicht-personenbezogene Nutzungsinformationen ab. M\u00f6chten Sie dies verhindern, so m\u00fcssen Sie das Speichern von Cookies im Browser blockieren.<br>Weitere Informationen zum Datenschutz bei \u201eYoutube\u201c finden Sie in der Datenschutzerkl\u00e4rung des Anbieters unter: <a href=\"https:\/\/www.google.de\/intl\/de\/policies\/privacy\" target=\"_blank\" rel=\"noreferrer noopener\">https:\/\/www.google.de\/intl\/de\/policies\/privacy<\/a>.<\/p>\n\n\n\n<h4 class=\"wp-block-heading\">Social Plugins<\/h4>\n\n\n\n<p>Wir bieten Ihnen auf unserer Webseite die M\u00f6glichkeit der Nutzung von sog. \u201eSocial-Media-Buttons\u201c an. Zum Schutze Ihrer Daten setzen wir bei der Implementierung auf die L\u00f6sung \u201eShariff\u201c. Hierdurch werden diese Buttons auf der Webseite lediglich als Grafik eingebunden, die eine Verlinkung auf die entsprechende Webseite des Button-Anbieters enth\u00e4lt. Durch Anklicken der Grafik werden Sie somit zu den Diensten der jeweiligen Anbieter weitergeleitet. Erst dann werden Ihre Daten an die jeweiligen Anbieter gesendet. Sofern Sie die Grafik nicht anklicken, findet keinerlei Austausch zwischen Ihnen und den Anbietern der Social-Media-Buttons statt. Informationen \u00fcber die Erhebung und Verwendung Ihrer Daten in den sozialen Netzwerken finden Sie in den jeweiligen Nutzungsbedingungen der entsprechenden Anbieter. Mehr Informationen zur Shariff-L\u00f6sung finden Sie hier: <a href=\"http:\/\/www.heise.de\/ct\/artikel\/Shariff-Social-Media-Buttons-mit-Datenschutz-2467514.html\" target=\"_blank\" rel=\"noreferrer noopener\">http:\/\/www.heise.de\/ct\/artikel\/Shariff-Social-Media-Buttons-mit-Datenschutz-2467514.html<\/a><\/p>\n\n\n\n<p>&#8212;&#8212;&#8212;&#8212;&#8212;&#8212;&#8212;&#8212;&#8212;&#8212;&#8212;&#8212;&#8212;&#8212;&#8212;&#8212;&#8212;&#8212;&#8212;&#8212;&#8212;&#8212;&#8212;&#8212;&#8212;&#8212;&#8212;&#8212;&#8212;&#8212;&#8212;&#8212;-<\/p>\n\n\n\n<h4 class=\"wp-block-heading\">\u00c4nderung unserer Datenschutzbestimmungen<\/h4>\n\n\n\n<p>Wir behalten uns vor, diese Datenschutzerkl\u00e4rung gelegentlich anzupassen, damit sie stets den aktuellen rechtlichen Anforderungen entspricht oder um \u00c4nderungen unserer Leistungen in der Datenschutzerkl\u00e4rung umzusetzen, z. B. bei der Einf\u00fchrung neuer Services. F\u00fcr Ihren erneuten Besuch gilt dann die neue Datenschutzerkl\u00e4rung.<\/p>\n","protected":false},"excerpt":{"rendered":"<p>Allgemeine Hinweise Die folgenden Hinweise geben einen einfachen \u00dcberblick dar\u00fcber, was mit Ihren personenbezogenen Daten passiert, wenn Sie unsere Website besuchen. Personenbezogene Daten sind alle Daten, mit denen Sie pers\u00f6nlich identifiziert werden k\u00f6nnen. Wenn Sie auf unsere Webseite zugreifen, werden automatisch Informationen allgemeiner Natur erfasst. Diese Informationen (Server-Logfiles) beinhalten etwa die Art des Webbrowsers, das [&hellip;]<\/p>\n","protected":false},"author":1,"featured_media":0,"parent":0,"menu_order":0,"comment_status":"closed","ping_status":"closed","template":"","meta":{"footnotes":""},"class_list":["post-3","page","type-page","status-publish","hentry"],"_links":{"self":[{"href":"https:\/\/ummehralsmich.de\/home\/wp-json\/wp\/v2\/pages\/3","targetHints":{"allow":["GET"]}}],"collection":[{"href":"https:\/\/ummehralsmich.de\/home\/wp-json\/wp\/v2\/pages"}],"about":[{"href":"https:\/\/ummehralsmich.de\/home\/wp-json\/wp\/v2\/types\/page"}],"author":[{"embeddable":true,"href":"https:\/\/ummehralsmich.de\/home\/wp-json\/wp\/v2\/users\/1"}],"replies":[{"embeddable":true,"href":"https:\/\/ummehralsmich.de\/home\/wp-json\/wp\/v2\/comments?post=3"}],"version-history":[{"count":3,"href":"https:\/\/ummehralsmich.de\/home\/wp-json\/wp\/v2\/pages\/3\/revisions"}],"predecessor-version":[{"id":187,"href":"https:\/\/ummehralsmich.de\/home\/wp-json\/wp\/v2\/pages\/3\/revisions\/187"}],"wp:attachment":[{"href":"https:\/\/ummehralsmich.de\/home\/wp-json\/wp\/v2\/media?parent=3"}],"curies":[{"name":"wp","href":"https:\/\/api.w.org\/{rel}","templated":true}]}}